{"id":1307,"date":"2017-05-03T08:09:45","date_gmt":"2017-05-03T08:09:45","guid":{"rendered":"http:\/\/www.aularuralhortadepinyana.com\/inici\/?lang=es"},"modified":"2023-09-22T09:03:04","modified_gmt":"2023-09-22T09:03:04","slug":"inici","status":"publish","type":"page","link":"https:\/\/www.aularuralhortadepinyana.com\/es\/inici\/","title":{"rendered":"Inici"},"content":{"rendered":"<p>[vc_row height=\u00bbauto\u00bb width=\u00bbfull\u00bb][vc_column 0=\u00bb\u00bb][vc_column_text 0=\u00bb\u00bb]\n<div class=\"fusion-slider-revolution rev_slider_wrapper\">\t\t\t<!-- START inici_es REVOLUTION SLIDER 6.4.6 --><p class=\"rs-p-wp-fix\"><\/p>\n\t\t\t<rs-module-wrap id=\"rev_slider_2_1_wrapper\" data-source=\"gallery\" style=\"background:transparent;padding:0;margin:0px auto;margin-top:0;margin-bottom:0;\">\n\t\t\t\t<rs-module id=\"rev_slider_2_1\" style=\"\" data-version=\"6.4.6\">\n\t\t\t\t\t<rs-slides>\n\t\t\t\t\t\t<rs-slide data-key=\"rs-26\" data-title=\"Slide\" data-thumb=\"\/\/www.aularuralhortadepinyana.com\/wp-content\/uploads\/2019\/11\/IMG_20190117_105030-scaled-100x50.jpg\" data-anim=\"ms:600;\" data-in=\"o:0;\" data-out=\"a:false;\">\n\t\t\t\t\t\t\t<img decoding=\"async\" src=\"\/\/www.aularuralhortadepinyana.com\/wp-content\/uploads\/2019\/11\/IMG_20190117_105030-scaled.jpg\" title=\"Inici\" class=\"rev-slidebg tp-rs-img\" data-no-retina>\n<!--\n\t\t\t\t\t\t\t--><rs-layer\n\t\t\t\t\t\t\t\tid=\"slider-2-slide-26-layer-1\" \n\t\t\t\t\t\t\t\tdata-type=\"text\"\n\t\t\t\t\t\t\t\tdata-color=\"#4cd964\"\n\t\t\t\t\t\t\t\tdata-rsp_ch=\"on\"\n\t\t\t\t\t\t\t\tdata-xy=\"x:38px;y:678px;\"\n\t\t\t\t\t\t\t\tdata-text=\"s:80;l:22;fw:800;a:inherit;\"\n\t\t\t\t\t\t\t\tdata-frame_0=\"tp:600;\"\n\t\t\t\t\t\t\t\tdata-frame_1=\"tp:600;st:0;\"\n\t\t\t\t\t\t\t\tdata-frame_999=\"o:0;tp:600;st:w;sR:17700;\"\n\t\t\t\t\t\t\t\tstyle=\"z-index:5;font-family:Open Sans;\"\n\t\t\t\t\t\t\t>AULA RURAL HORTA DE PINYANA \n\t\t\t\t\t\t\t<\/rs-layer><!--\n-->\t\t\t\t\t\t<\/rs-slide>\n\t\t\t\t\t\t<rs-slide data-key=\"rs-7\" data-title=\"Slide\" data-thumb=\"\/\/www.aularuralhortadepinyana.com\/wp-content\/uploads\/2017\/05\/Aula-Rural-5-100x50.jpg\" data-anim=\"ms:600;\" data-in=\"o:0;\" data-out=\"a:false;\">\n\t\t\t\t\t\t\t<img decoding=\"async\" src=\"\/\/www.aularuralhortadepinyana.com\/wp-content\/uploads\/2017\/05\/Aula-Rural-5.jpg\" title=\"Inici\" class=\"rev-slidebg tp-rs-img\" data-bg=\"p:center bottom;\" data-no-retina>\n<!--\n\t\t\t\t\t\t\t--><rs-layer\n\t\t\t\t\t\t\t\tid=\"slider-2-slide-7-layer-1\" \n\t\t\t\t\t\t\t\tdata-type=\"text\"\n\t\t\t\t\t\t\t\tdata-color=\"#ffffff\"\n\t\t\t\t\t\t\t\tdata-rsp_ch=\"on\"\n\t\t\t\t\t\t\t\tdata-xy=\"x:92px;y:260px;\"\n\t\t\t\t\t\t\t\tdata-text=\"s:80;l:80;a:inherit;\"\n\t\t\t\t\t\t\t\tdata-frame_0=\"tp:600;\"\n\t\t\t\t\t\t\t\tdata-frame_1=\"tp:600;st:0;\"\n\t\t\t\t\t\t\t\tdata-frame_999=\"o:0;tp:600;st:w;sR:17700;\"\n\t\t\t\t\t\t\t\tstyle=\"z-index:5;font-family:Bree Serif;\"\n\t\t\t\t\t\t\t>QU\u00c9 OFRECEMOS? \n\t\t\t\t\t\t\t<\/rs-layer><!--\n\n\t\t\t\t\t\t\t--><rs-layer\n\t\t\t\t\t\t\t\tid=\"slider-2-slide-7-layer-3\" \n\t\t\t\t\t\t\t\tdata-type=\"text\"\n\t\t\t\t\t\t\t\tdata-color=\"#ffffff\"\n\t\t\t\t\t\t\t\tdata-rsp_ch=\"on\"\n\t\t\t\t\t\t\t\tdata-xy=\"x:81px;y:355px;\"\n\t\t\t\t\t\t\t\tdata-text=\"s:30;l:35;a:inherit;\"\n\t\t\t\t\t\t\t\tdata-padding=\"t:20;r:30;b:20;l:30;\"\n\t\t\t\t\t\t\t\tdata-border=\"bow:,,,;bor:30px,30px,30px,30px;\"\n\t\t\t\t\t\t\t\tdata-frame_0=\"tp:600;\"\n\t\t\t\t\t\t\t\tdata-frame_1=\"tp:600;st:0;\"\n\t\t\t\t\t\t\t\tdata-frame_999=\"o:0;tp:600;st:w;sR:17700;\"\n\t\t\t\t\t\t\t\tstyle=\"z-index:6;background-color:#ffcc00;font-family:Bree Serif;\"\n\t\t\t\t\t\t\t>Actividades y talleres relacionados con: <\/br>\n    \u00b7 Las tareas propias del campesino en el huerto.<\/br>\n    \u00b7 El respeto por la naturaleza.<\/br>\n    \u00b7 Aprovechamiento, transformaci\u00f3n y conservaci\u00f3n <\/br>\nde los frutos que cultivamos.<\/br>\n    \u00b7 Los animales de una granja. \n\t\t\t\t\t\t\t<\/rs-layer><!--\n\n\t\t\t\t\t\t\t--><rs-layer\n\t\t\t\t\t\t\t\tid=\"slider-2-slide-7-layer-5\" \n\t\t\t\t\t\t\t\tdata-type=\"image\"\n\t\t\t\t\t\t\t\tdata-rsp_ch=\"on\"\n\t\t\t\t\t\t\t\tdata-xy=\"x:712px;y:230px;\"\n\t\t\t\t\t\t\t\tdata-text=\"l:22;a:inherit;\"\n\t\t\t\t\t\t\t\tdata-dim=\"w:374px;h:478px;\"\n\t\t\t\t\t\t\t\tdata-frame_0=\"tp:600;\"\n\t\t\t\t\t\t\t\tdata-frame_1=\"tp:600;st:0;\"\n\t\t\t\t\t\t\t\tdata-frame_999=\"o:0;tp:600;st:w;sR:17700;\"\n\t\t\t\t\t\t\t\tstyle=\"z-index:7;\"\n\t\t\t\t\t\t\t><img decoding=\"async\" src=\"\/\/www.aularuralhortadepinyana.com\/wp-content\/uploads\/2017\/05\/nena.png\" class=\"tp-rs-img\" width=\"691\" height=\"882\" data-no-retina> \n\t\t\t\t\t\t\t<\/rs-layer><!--\n-->\t\t\t\t\t\t<\/rs-slide>\n\t\t\t\t\t\t<rs-slide data-key=\"rs-9\" data-title=\"Slide\" data-thumb=\"\/\/www.aularuralhortadepinyana.com\/wp-content\/uploads\/2017\/05\/Aula-Rural-8-100x50.jpg\" data-anim=\"ms:600;\" data-in=\"o:0;\" data-out=\"a:false;\">\n\t\t\t\t\t\t\t<img decoding=\"async\" src=\"\/\/www.aularuralhortadepinyana.com\/wp-content\/uploads\/2017\/05\/Aula-Rural-8.jpg\" title=\"Inici\" class=\"rev-slidebg tp-rs-img\" data-bg=\"p:center bottom;\" data-no-retina>\n<!--\n\t\t\t\t\t\t\t--><rs-layer\n\t\t\t\t\t\t\t\tid=\"slider-2-slide-9-layer-1\" \n\t\t\t\t\t\t\t\tdata-type=\"text\"\n\t\t\t\t\t\t\t\tdata-color=\"#ffffff\"\n\t\t\t\t\t\t\t\tdata-rsp_ch=\"on\"\n\t\t\t\t\t\t\t\tdata-xy=\"x:514px;y:181px;\"\n\t\t\t\t\t\t\t\tdata-text=\"s:80;l:80;a:inherit;\"\n\t\t\t\t\t\t\t\tdata-frame_0=\"tp:600;\"\n\t\t\t\t\t\t\t\tdata-frame_1=\"tp:600;st:0;\"\n\t\t\t\t\t\t\t\tdata-frame_999=\"o:0;tp:600;st:w;sR:17700;\"\n\t\t\t\t\t\t\t\tstyle=\"z-index:5;font-family:Bree Serif;\"\n\t\t\t\t\t\t\t>TALLERES ESCOLARES \n\t\t\t\t\t\t\t<\/rs-layer><!--\n\n\t\t\t\t\t\t\t--><rs-layer\n\t\t\t\t\t\t\t\tid=\"slider-2-slide-9-layer-3\" \n\t\t\t\t\t\t\t\tdata-type=\"text\"\n\t\t\t\t\t\t\t\tdata-color=\"#ffffff\"\n\t\t\t\t\t\t\t\tdata-rsp_ch=\"on\"\n\t\t\t\t\t\t\t\tdata-xy=\"x:663px;y:276px;\"\n\t\t\t\t\t\t\t\tdata-text=\"s:30;l:35;a:inherit;\"\n\t\t\t\t\t\t\t\tdata-padding=\"t:20;r:30;b:20;l:30;\"\n\t\t\t\t\t\t\t\tdata-border=\"bow:,,,;bor:30px,30px,30px,30px;\"\n\t\t\t\t\t\t\t\tdata-frame_0=\"tp:600;\"\n\t\t\t\t\t\t\t\tdata-frame_1=\"tp:600;st:9.9609375;sR:9.9609375;\"\n\t\t\t\t\t\t\t\tdata-frame_999=\"o:0;tp:600;st:w;sR:17690.0390625;\"\n\t\t\t\t\t\t\t\tstyle=\"z-index:6;background-color:#ffcc00;font-family:Bree Serif;\"\n\t\t\t\t\t\t\t>1. Los cultivos de la zona<\/br>\n2. Trabajamos en el huerto<\/br>\n3. Elaboramos mermeladas y conservas<\/br>\n4. Hacemos pan, galletas\u2026<\/br>\n5.Los animales de Horta de Pinyana<\/br> \n\t\t\t\t\t\t\t<\/rs-layer><!--\n\n\t\t\t\t\t\t\t--><rs-layer\n\t\t\t\t\t\t\t\tid=\"slider-2-slide-9-layer-9\" \n\t\t\t\t\t\t\t\tdata-type=\"image\"\n\t\t\t\t\t\t\t\tdata-rsp_ch=\"on\"\n\t\t\t\t\t\t\t\tdata-xy=\"x:65px;y:260px;\"\n\t\t\t\t\t\t\t\tdata-text=\"l:22;a:inherit;\"\n\t\t\t\t\t\t\t\tdata-dim=\"w:592;h:724;\"\n\t\t\t\t\t\t\t\tdata-frame_0=\"tp:600;\"\n\t\t\t\t\t\t\t\tdata-frame_1=\"tp:600;st:9.9609375;sR:9.9609375;\"\n\t\t\t\t\t\t\t\tdata-frame_999=\"o:0;tp:600;st:w;sR:17690.0390625;\"\n\t\t\t\t\t\t\t\tstyle=\"z-index:7;\"\n\t\t\t\t\t\t\t><img decoding=\"async\" src=\"\/\/www.aularuralhortadepinyana.com\/wp-content\/uploads\/2017\/05\/planta1.png\" class=\"tp-rs-img\" width=\"592\" height=\"724\" data-no-retina> \n\t\t\t\t\t\t\t<\/rs-layer><!--\n\n\t\t\t\t\t\t\t--><rs-layer\n\t\t\t\t\t\t\t\tid=\"slider-2-slide-9-layer-7\" \n\t\t\t\t\t\t\t\tdata-type=\"image\"\n\t\t\t\t\t\t\t\tdata-rsp_ch=\"on\"\n\t\t\t\t\t\t\t\tdata-xy=\"x:-7px;y:368px;\"\n\t\t\t\t\t\t\t\tdata-text=\"l:22;a:inherit;\"\n\t\t\t\t\t\t\t\tdata-dim=\"w:407px;h:436px;\"\n\t\t\t\t\t\t\t\tdata-frame_0=\"tp:600;\"\n\t\t\t\t\t\t\t\tdata-frame_1=\"tp:600;st:9.9609375;sR:9.9609375;\"\n\t\t\t\t\t\t\t\tdata-frame_999=\"o:0;tp:600;st:w;sR:17690.0390625;\"\n\t\t\t\t\t\t\t\tstyle=\"z-index:8;\"\n\t\t\t\t\t\t\t><img decoding=\"async\" src=\"\/\/www.aularuralhortadepinyana.com\/wp-content\/uploads\/2017\/05\/nen.png\" class=\"tp-rs-img\" width=\"708\" height=\"757\" data-no-retina> \n\t\t\t\t\t\t\t<\/rs-layer><!--\n-->\t\t\t\t\t\t<\/rs-slide>\n\t\t\t\t\t\t<rs-slide data-key=\"rs-8\" data-title=\"Slide\" data-thumb=\"\/\/www.aularuralhortadepinyana.com\/wp-content\/uploads\/2017\/05\/IMG_2001-100x50.jpg\" data-anim=\"ms:600;\" data-in=\"o:0;\" data-out=\"a:false;\">\n\t\t\t\t\t\t\t<img decoding=\"async\" src=\"\/\/www.aularuralhortadepinyana.com\/wp-content\/uploads\/2017\/05\/IMG_2001.jpg\" title=\"Inici\" class=\"rev-slidebg tp-rs-img\" data-no-retina>\n<!--\n\t\t\t\t\t\t\t--><rs-layer\n\t\t\t\t\t\t\t\tid=\"slider-2-slide-8-layer-2\" \n\t\t\t\t\t\t\t\tdata-type=\"image\"\n\t\t\t\t\t\t\t\tdata-rsp_ch=\"on\"\n\t\t\t\t\t\t\t\tdata-xy=\"x:r;xo:-18px;y:19px;\"\n\t\t\t\t\t\t\t\tdata-text=\"l:22;a:inherit;\"\n\t\t\t\t\t\t\t\tdata-dim=\"w:202px;h:206px;\"\n\t\t\t\t\t\t\t\tdata-frame_0=\"tp:600;\"\n\t\t\t\t\t\t\t\tdata-frame_1=\"tp:600;st:1989.84375;sp:1160;sR:1989.84375;\"\n\t\t\t\t\t\t\t\tdata-frame_999=\"o:0;tp:600;st:17859.9609375;sR:14710.1171875;\"\n\t\t\t\t\t\t\t\tstyle=\"z-index:5;\"\n\t\t\t\t\t\t\t><img decoding=\"async\" src=\"\/\/www.aularuralhortadepinyana.com\/wp-content\/uploads\/2017\/05\/icona.png\" class=\"tp-rs-img\" width=\"1109\" height=\"1130\" data-no-retina> \n\t\t\t\t\t\t\t<\/rs-layer><!--\n\n\t\t\t\t\t\t\t--><rs-layer\n\t\t\t\t\t\t\t\tid=\"slider-2-slide-8-layer-5\" \n\t\t\t\t\t\t\t\tdata-type=\"text\"\n\t\t\t\t\t\t\t\tdata-color=\"#ffffff\"\n\t\t\t\t\t\t\t\tdata-rsp_ch=\"on\"\n\t\t\t\t\t\t\t\tdata-xy=\"x:c;xo:-5px;y:103px;\"\n\t\t\t\t\t\t\t\tdata-text=\"s:60;l:100;a:inherit;\"\n\t\t\t\t\t\t\t\tdata-frame_0=\"tp:600;\"\n\t\t\t\t\t\t\t\tdata-frame_1=\"tp:600;st:239.84375;sp:740;sR:239.84375;\"\n\t\t\t\t\t\t\t\tdata-frame_999=\"o:0;tp:600;st:17809.9609375;sR:16830.1171875;\"\n\t\t\t\t\t\t\t\tstyle=\"z-index:6;font-family:Bree Serif;\"\n\t\t\t\t\t\t\t>AULA RURAL HORTA DE PINYANA \n\t\t\t\t\t\t\t<\/rs-layer><!--\n\n\t\t\t\t\t\t\t--><rs-layer\n\t\t\t\t\t\t\t\tid=\"slider-2-slide-8-layer-25\" \n\t\t\t\t\t\t\t\tdata-type=\"text\"\n\t\t\t\t\t\t\t\tdata-color=\"#ffffff\"\n\t\t\t\t\t\t\t\tdata-rsp_ch=\"on\"\n\t\t\t\t\t\t\t\tdata-xy=\"x:c;y:220px;\"\n\t\t\t\t\t\t\t\tdata-text=\"s:40;l:40;a:inherit;\"\n\t\t\t\t\t\t\t\tdata-frame_0=\"tp:600;\"\n\t\t\t\t\t\t\t\tdata-frame_1=\"tp:600;st:250;sp:760;sR:250;\"\n\t\t\t\t\t\t\t\tdata-frame_999=\"o:0;tp:600;st:17800;sR:16790;\"\n\t\t\t\t\t\t\t\tstyle=\"z-index:7;font-family:Annie Use Your Telescope;\"\n\t\t\t\t\t\t\t>DESCUBRE LA NATURALEZA CON NOSOTROS\n \n\t\t\t\t\t\t\t<\/rs-layer><!--\n\n\t\t\t\t\t\t\t--><rs-layer\n\t\t\t\t\t\t\t\tid=\"slider-2-slide-8-layer-23\" \n\t\t\t\t\t\t\t\tclass=\"rev-btn rev-hiddenicon\"\n\t\t\t\t\t\t\t\tdata-type=\"button\"\n\t\t\t\t\t\t\t\tdata-color=\"rgba(255,255,255,1)\"\n\t\t\t\t\t\t\t\tdata-xy=\"x:c;y:675px;\"\n\t\t\t\t\t\t\t\tdata-text=\"s:30;l:30;a:inherit;\"\n\t\t\t\t\t\t\t\tdata-actions='o:click;a:simplelink;target:_self;url:http:\/\/www.aularuralhortadepinyana.com\/nou-casal-destiu\/?lang=es;'\n\t\t\t\t\t\t\t\tdata-rsp_bd=\"off\"\n\t\t\t\t\t\t\t\tdata-padding=\"t:12;r:35;b:12;l:35;\"\n\t\t\t\t\t\t\t\tdata-frame_0=\"tp:600;\"\n\t\t\t\t\t\t\t\tdata-frame_1=\"tp:600;st:629.8828125;sp:1450;sR:629.8828125;\"\n\t\t\t\t\t\t\t\tdata-frame_999=\"o:0;tp:600;st:17869.921875;sR:15790.0390625;\"\n\t\t\t\t\t\t\t\tdata-frame_hover=\"c:#d942a1;bgc:#fff;boc:#000;bor:0px,0px,0px,0px;bos:solid;oX:50;oY:50;sp:0;e:none;\"\n\t\t\t\t\t\t\t\tstyle=\"z-index:8;background-color:#d942a1;font-family:Bree Serif;cursor:pointer;outline:none;box-shadow:none;box-sizing:border-box;-moz-box-sizing:border-box;-webkit-box-sizing:border-box;text-transform:uppercase;letter-spacing:1px;\"\n\t\t\t\t\t\t\t>TE ESPERAMOS!! \n\t\t\t\t\t\t\t<\/rs-layer><!--\n-->\t\t\t\t\t\t<\/rs-slide>\n\t\t\t\t\t\t<rs-slide data-key=\"rs-27\" data-title=\"Slide\" data-thumb=\"\/\/www.aularuralhortadepinyana.com\/wp-content\/uploads\/2019\/11\/IMG_20190127_163709-scaled-100x50.jpg\" data-anim=\"ms:600;\" data-in=\"o:0;\" data-out=\"a:false;\">\n\t\t\t\t\t\t\t<img decoding=\"async\" src=\"\/\/www.aularuralhortadepinyana.com\/wp-content\/uploads\/2019\/11\/IMG_20190127_163709-scaled.jpg\" title=\"Inici\" class=\"rev-slidebg tp-rs-img\" data-no-retina>\n<!---->\t\t\t\t\t\t<\/rs-slide>\n\t\t\t\t\t<\/rs-slides>\n\t\t\t\t<\/rs-module>\n\t\t\t\t<script type=\"text\/javascript\">\n\t\t\t\t\tsetREVStartSize({c: 'rev_slider_2_1',rl:[1240,1024,778,480],el:[],gw:[1240],gh:[800],type:'standard',justify:'',layout:'fullwidth',mh:\"0\"});\n\t\t\t\t\tvar\trevapi2,\n\t\t\t\t\t\ttpj;\n\t\t\t\t\tfunction revinit_revslider21() {\n\t\t\t\t\tjQuery(function() {\n\t\t\t\t\t\ttpj = jQuery;\n\t\t\t\t\t\trevapi2 = tpj(\"#rev_slider_2_1\");\n\t\t\t\t\t\tif(revapi2==undefined || revapi2.revolution == undefined){\n\t\t\t\t\t\t\trevslider_showDoubleJqueryError(\"rev_slider_2_1\");\n\t\t\t\t\t\t}else{\n\t\t\t\t\t\t\trevapi2.revolution({\n\t\t\t\t\t\t\t\tsliderLayout:\"fullwidth\",\n\t\t\t\t\t\t\t\tduration:18000,\n\t\t\t\t\t\t\t\tvisibilityLevels:\"1240,1024,778,480\",\n\t\t\t\t\t\t\t\tgridwidth:1240,\n\t\t\t\t\t\t\t\tgridheight:800,\n\t\t\t\t\t\t\t\tspinner:\"spinner0\",\n\t\t\t\t\t\t\t\tperspectiveType:\"local\",\n\t\t\t\t\t\t\t\tresponsiveLevels:\"1240,1024,778,480\",\n\t\t\t\t\t\t\t\tprogressBar:{disableProgressBar:true},\n\t\t\t\t\t\t\t\tnavigation: {\n\t\t\t\t\t\t\t\t\tmouseScrollNavigation:false,\n\t\t\t\t\t\t\t\t\tonHoverStop:false,\n\t\t\t\t\t\t\t\t\tarrows: {\n\t\t\t\t\t\t\t\t\t\tenable:true,\n\t\t\t\t\t\t\t\t\t\tstyle:\"hesperiden\",\n\t\t\t\t\t\t\t\t\t\tleft: {\n\n\t\t\t\t\t\t\t\t\t\t},\n\t\t\t\t\t\t\t\t\t\tright: {\n\n\t\t\t\t\t\t\t\t\t\t}\n\t\t\t\t\t\t\t\t\t}\n\t\t\t\t\t\t\t\t},\n\t\t\t\t\t\t\t\tfallbacks: {\n\t\t\t\t\t\t\t\t\tallowHTML5AutoPlayOnAndroid:true\n\t\t\t\t\t\t\t\t},\n\t\t\t\t\t\t\t});\n\t\t\t\t\t\t}\n\t\t\t\t\t\t\n\t\t\t\t\t});\n\t\t\t\t\t} \/\/ End of RevInitScript\n\t\t\t\tvar once_revslider21 = false;\n\t\t\t\tif (document.readyState === \"loading\") {document.addEventListener('readystatechange',function() { if((document.readyState === \"interactive\" || document.readyState === \"complete\") && !once_revslider21 ) { once_revslider21 = true; revinit_revslider21();}});} else {once_revslider21 = true; revinit_revslider21();}\n\t\t\t\t<\/script>\n\t\t\t\t<script>\n\t\t\t\t\tvar htmlDivCss = unescape(\"%23rev_slider_2_1_wrapper%20.hesperiden.tparrows%20%7B%0A%09cursor%3Apointer%3B%0A%09background%3Argba%280%2C0%2C0%2C0.5%29%3B%0A%09width%3A40px%3B%0A%09height%3A40px%3B%0A%09position%3Aabsolute%3B%0A%09display%3Ablock%3B%0A%09z-index%3A1000%3B%0A%20%20%20%20border-radius%3A%2050%25%3B%0A%7D%0A%23rev_slider_2_1_wrapper%20.hesperiden.tparrows%3Ahover%20%7B%0A%09background%3A%23000000%3B%0A%7D%0A%23rev_slider_2_1_wrapper%20.hesperiden.tparrows%3Abefore%20%7B%0A%09font-family%3A%20%27revicons%27%3B%0A%09font-size%3A20px%3B%0A%09color%3A%23ffffff%3B%0A%09display%3Ablock%3B%0A%09line-height%3A%2040px%3B%0A%09text-align%3A%20center%3B%0A%7D%0A%23rev_slider_2_1_wrapper%20.hesperiden.tparrows.tp-leftarrow%3Abefore%20%7B%0A%09content%3A%20%27%5Ce82c%27%3B%0A%20%20%20%20margin-left%3A-3px%3B%0A%7D%0A%23rev_slider_2_1_wrapper%20.hesperiden.tparrows.tp-rightarrow%3Abefore%20%7B%0A%09content%3A%20%27%5Ce82d%27%3B%0A%20%20%20%20margin-right%3A-3px%3B%0A%7D%0A\");\n\t\t\t\t\tvar htmlDiv = document.getElementById('rs-plugin-settings-inline-css');\n\t\t\t\t\tif(htmlDiv) {\n\t\t\t\t\t\thtmlDiv.innerHTML = htmlDiv.innerHTML + htmlDivCss;\n\t\t\t\t\t}else{\n\t\t\t\t\t\tvar htmlDiv = document.createElement('div');\n\t\t\t\t\t\thtmlDiv.innerHTML = '<style>' + htmlDivCss + '<\/style>';\n\t\t\t\t\t\tdocument.getElementsByTagName('head')[0].appendChild(htmlDiv.childNodes[0]);\n\t\t\t\t\t}\n\t\t\t\t<\/script>\n\t\t\t\t<script>\n\t\t\t\t\tvar htmlDivCss = unescape(\"%0A%0A%0A%0A%0A\");\n\t\t\t\t\tvar htmlDiv = document.getElementById('rs-plugin-settings-inline-css');\n\t\t\t\t\tif(htmlDiv) {\n\t\t\t\t\t\thtmlDiv.innerHTML = htmlDiv.innerHTML + htmlDivCss;\n\t\t\t\t\t}else{\n\t\t\t\t\t\tvar htmlDiv = document.createElement('div');\n\t\t\t\t\t\thtmlDiv.innerHTML = '<style>' + htmlDivCss + '<\/style>';\n\t\t\t\t\t\tdocument.getElementsByTagName('head')[0].appendChild(htmlDiv.childNodes[0]);\n\t\t\t\t\t}\n\t\t\t\t<\/script>\n\t\t\t<\/rs-module-wrap>\n\t\t\t<!-- END REVOLUTION SLIDER -->\n<\/div>[\/vc_column_text][\/vc_column][\/vc_row][vc_row height=\u00bbsmall\u00bb][vc_column width=\u00bb1\/2&#8243;][us_single_image image=\u00bb3146&#8243; size=\u00bbfull\u00bb][vc_custom_heading text=\u00bbPr\u00f3ximos eventos\u00bb font_container=\u00bbtag:h2|font_size:30px|text_align:left\u00bb google_fonts=\u00bbfont_family:The%20Girl%20Next%20Door%3Aregular|font_style:400%20regular%3A400%3Anormal\u00bb][vc_column_text 0=\u00bb\u00bb]<\/p>\n<div class=\"jhH5U\">\n<div id=\"tw-ob\" class=\"tw-src-ltr\">\n<div class=\"oSioSc\">\n<div id=\"tw-target\">\n<div id=\"kAz1tf\" class=\"g9WsWb\">\n<div id=\"tw-target-text-container\" class=\"tw-ta-container hide-focus-ring tw-nfl\" tabindex=\"0\">\n<h3 id=\"tw-target-text\" class=\"tw-data-text tw-text-large XcVN5d tw-ta\" dir=\"ltr\" data-placeholder=\"Traducci\u00f3n\"><strong><span lang=\"es\">Casal de Verano 2020<\/span><\/strong><\/h3>\n<h3 class=\"tw-data-text tw-text-large XcVN5d tw-ta\" dir=\"ltr\" data-placeholder=\"Traducci\u00f3n\"><span lang=\"es\">Este verano, m\u00e1s que nunca conecta a tus hijos \/ as a la NATURALEZA con el Casal de verano del <span style=\"color: #99cc00;\">Aula rural Horta de Pinyana<\/span>.<\/span><\/h3>\n<h3 class=\"tw-data-text tw-text-large XcVN5d tw-ta\" dir=\"ltr\" data-placeholder=\"Traducci\u00f3n\"><span lang=\"es\">Las zonas rurales y el contacto con la naturaleza son lo que necesitan nuestros hijos e hijas para recuperar poco a poco la normalidad. Un ambiente saludable con amplios espacios donde disfrutar\u00e1n de actividades de huerta, animales de granja, deportes, cocina, excursiones, juegos de agua, respecto a la naturaleza &#8230;. todo lo necesario para pasar un verano genial!<\/span><\/h3>\n<h3 class=\"tw-data-text tw-text-large XcVN5d tw-ta\" dir=\"ltr\" data-placeholder=\"Traducci\u00f3n\"><span lang=\"es\">Y todo ello en un entorno ideal, rodeados de frutales y amplias zonas verdes. Con grupos reducidos y trabajando especialmente el acompa\u00f1amiento emocional y los h\u00e1bitos de higiene.<\/span><\/h3>\n<h3 class=\"tw-data-text tw-text-large XcVN5d tw-ta\" dir=\"ltr\" data-placeholder=\"Traducci\u00f3n\"><span lang=\"es\">Del 29 de junio al 10 de septiembre en horario de ma\u00f1ana y tarde. <\/span><\/h3>\n<h3 class=\"tw-data-text tw-text-large XcVN5d tw-ta\" dir=\"ltr\" data-placeholder=\"Traducci\u00f3n\"><span lang=\"es\">Os esperamos !! \u00a0 <\/span><\/h3>\n<h3 class=\"tw-data-text tw-text-large XcVN5d tw-ta\" dir=\"ltr\" data-placeholder=\"Traducci\u00f3n\"><span lang=\"es\">\u00a0 Desc\u00e1rgate la hoja de INSCRIPCI\u00d3N AQU\u00cd<\/span><\/h3>\n<p><a href=\"http:\/\/www.aularuralhortadepinyana.com\/wp-content\/uploads\/2020\/05\/FULL-INSCRIPCI\u00d3-CASAL-2020.pdf\">http:\/\/www.aularuralhortadepinyana.com\/wp-content\/uploads\/2020\/05\/INSCRIPCIO-CASAL-2020.pdf<\/a><\/p>\n<\/div>\n<pre id=\"tw-target-rmn\" class=\"tw-data-placeholder tw-text-small tw-ta\" dir=\"ltr\" data-placeholder=\"\"><\/pre>\n<div class=\"iYB33c\"><\/div>\n<\/div>\n<\/div>\n<\/div>\n<\/div>\n<div id=\"tw-images\"><\/div>\n<div class=\"dURPtb\"><\/div>\n<div><\/div>\n<\/div>\n<p>[\/vc_column_text][vc_empty_space 0=\u00bb\u00bb][vc_empty_space 0=\u00bb\u00bb][\/vc_column][vc_column width=\u00bb1\/2&#8243; css=\u00bb.vc_custom_1494312969816{background-color: #eaeaea !important;}\u00bb][vc_row_inner content_placement=\u00bbbottom\u00bb][vc_column_inner width=\u00bb1\/2&#8243;][vc_custom_heading text=\u00bbUltimas noticias\u00bb font_container=\u00bbtag:h3|text_align:left|line_height:30px\u00bb google_fonts=\u00bbfont_family:The%20Girl%20Next%20Door%3Aregular|font_style:400%20regular%3A400%3Anormal\u00bb][\/vc_column_inner][vc_column_inner width=\u00bb1\/2&#8243;][us_btn text=\u00bbVe al blog\u00bb link=\u00bburl:http%3A%2F%2Fwww.aularuralhortadepinyana.com%2Fblog%2F%3Flang%3Des|||\u00bb style=\u00bboutlined\u00bb align=\u00bbcenter\u00bb][\/vc_column_inner][\/vc_row_inner][ultimate_spacer height=\u00bb10&#8243;][us_blog type=\u00bbmasonry\u00bb columns=\u00bb2&#8243; items=\u00bb4&#8243; categories=\u00bb\u00bb layout=\u00bbcards\u00bb show_date=\u00bb\u00bb show_author=\u00bb\u00bb show_categories=\u00bb\u00bb show_tags=\u00bb\u00bb show_comments=\u00bb\u00bb show_read_more=\u00bb\u00bb filter=\u00bb\u00bb][\/vc_column][\/vc_row][vc_row bg_type=\u00bbbg_color\u00bb seperator_enable=\u00bbseperator_enable_value\u00bb seperator_type=\u00bbclouds_seperator\u00bb seperator_position=\u00bbbottom_seperator\u00bb seperator_shape_background=\u00bb#f98636&#8243; el_id=\u00bbquisom\u00bb bg_color_value=\u00bb#bcd031&#8243;][vc_column 0=\u00bb\u00bb][vc_custom_heading text=\u00bbQuienes somos?\u00bb font_container=\u00bbtag:h1|text_align:left|color:%23ffffff|line_height:20px\u00bb google_fonts=\u00bbfont_family:The%20Girl%20Next%20Door%3Aregular|font_style:400%20regular%3A400%3Anormal\u00bb][vc_column_text 0=\u00bb\u00bb]<\/p>\n<h6><span style=\"color: #ffffff;\"><strong>Somos Llu\u00eds y N\u00faria, una pareja que ha seguido la herencia de sus padres y abuelos dedic\u00e1ndose a la agricultura.<\/strong><\/span><\/h6>\n<p>[\/vc_column_text][vc_row_inner content_placement=\u00bbmiddle\u00bb][vc_column_inner width=\u00bb1\/2&#8243;][us_single_image image=\u00bb981&#8243; size=\u00bbmedium\u00bb align=\u00bbcenter\u00bb animate=\u00bbafl\u00bb animate_delay=\u00bb\u00bb][\/vc_column_inner][vc_column_inner width=\u00bb1\/2&#8243;][vc_column_text 0=\u00bb\u00bb]<\/p>\n<p style=\"text-align: justify;\">Llu\u00eds es campesino desde los 15 a\u00f1os, aunque en una etapa de su vida, dej\u00f3 este mundo y fue a trabajar a una f\u00e1brica influenciado por la tendencia de que no se pod\u00eda vivir de la tierra. Pero eso no le llenaba ni le hac\u00eda feliz, as\u00ed que decidi\u00f3 creer en sus principios e intentar vivir de la tierra y dedicarse en cuerpo y alma a la agricultura. Comenz\u00f3 con una peque\u00f1a finca de melocotoneros y actualmente ya dispone de m\u00e1s de 7 ha de terreno donde cultiva: melocotones, nectarinas, jud\u00eda verde, tomates, calabacines, ajos, cereales &#8230; .. siempre de manera tradicional y respetando al m\u00e1ximo la naturaleza .<\/p>\n<p>[\/vc_column_text][\/vc_column_inner][\/vc_row_inner][ultimate_spacer height=\u00bb40&#8243;][vc_row_inner content_placement=\u00bbmiddle\u00bb][vc_column_inner width=\u00bb1\/2&#8243;][vc_column_text 0=\u00bb\u00bb]<\/p>\n<p style=\"text-align: justify;\">Nuria tambi\u00e9n ha vivido siempre muy de cerca del mundo de la agricultura, concretamente de la huerta y de peque\u00f1a ya ayudaba a sus padres a plantar y recolectar verduras de temporada en el huerto que hoy todav\u00eda tienen. De su madre aprendi\u00f3 a conservar y aprovechar las frutas y hortalizas haciendo todo tipo de conservas y mermeladas. Ahora, gracias a Llu\u00eds puede seguir disfrutando de su hobby y aunque ella no se ha dedicado m\u00e1s profesionalmente, siempre ha sido su pasi\u00f3n. Hacemos una agricultura para el auto abastecimiento, intentando vivir de la tierra. A principios de 2015 pensamos que quer\u00edamos compartir con la gente nuestras vivencias, nuestro estilo de vida, por eso pusimos en marcha el proyecto del Aula de entorno rural, una herramienta para dar a conocer y hacer part\u00edcipe a la gente de la agricultura, los oficios tradicionales, en definitiva del equilibrio entre la tierra y el hombre. Tenemos dos hijos peque\u00f1os, Joan y Anna a quienes queremos transmitir nuestra filosof\u00eda de vida.<\/p>\n<p>[\/vc_column_text][\/vc_column_inner][vc_column_inner width=\u00bb1\/2&#8243;][us_single_image image=\u00bb982&#8243; size=\u00bbmedium\u00bb align=\u00bbcenter\u00bb animate=\u00bbafr\u00bb animate_delay=\u00bb\u00bb][\/vc_column_inner][\/vc_row_inner][\/vc_column][\/vc_row][vc_row bg_type=\u00bbbg_color\u00bb seperator_enable=\u00bbseperator_enable_value\u00bb seperator_type=\u00bbcurve_up_seperator\u00bb seperator_position=\u00bbbottom_seperator\u00bb seperator_shape_background=\u00bb#f1c443&#8243; el_id=\u00bbqueoferim\u00bb bg_color_value=\u00bb#f98636&#8243;][vc_column 0=\u00bb\u00bb][vc_row_inner 0=\u00bb\u00bb][vc_column_inner width=\u00bb1\/2&#8243;][vc_custom_heading text=\u00bbQue ofrecemos?\u00bb font_container=\u00bbtag:h1|text_align:left|color:%23ffffff|line_height:20px\u00bb google_fonts=\u00bbfont_family:The%20Girl%20Next%20Door%3Aregular|font_style:400%20regular%3A400%3Anormal\u00bb][vc_column_text 0=\u00bb\u00bb]<\/p>\n<h6><span style=\"color: #ffffff;\"><strong>Os ofrecemos una serie de actividades y talleres relacionados con las siguientes tem\u00e1ticas:<\/strong><\/span><\/h6>\n<p>[\/vc_column_text][\/vc_column_inner][vc_column_inner width=\u00bb1\/2&#8243;][us_btn text=\u00bbAlquiler de instalaciones\u00bb link=\u00bburl:http%3A%2F%2Fwww.aularuralhortadepinyana.com%2Flloguer-dinstallacions%2F%3Flang%3Des|||\u00bb size=\u00bb18px\u00bb align=\u00bbcenter\u00bb][vc_column_text 0=\u00bb\u00bb]<\/p>\n<p style=\"text-align: center;\"><span style=\"color: #ffffff;\"><em>Zona de p\u00edcnic i sala polivalent per a gaudir amb els teus amics i fam\u00edlia!<\/em><\/span><\/p>\n<p>[\/vc_column_text][\/vc_column_inner][\/vc_row_inner][vc_empty_space 0=\u00bb\u00bb][vc_row_inner 0=\u00bb\u00bb][vc_column_inner width=\u00bb2\/3&#8243; css=\u00bb.vc_custom_1493983178967{background-color: #f0f4d1 !important;border-radius: 5px !important;}\u00bb el_id=\u00bbposit-1&#8243;][vc_column_text 0=\u00bb\u00bb]<\/p>\n<ul>\n<li><strong>Cal\u00e7otades en Horta de Pinyana<\/strong>. Ven a hacer una cal\u00e7otada en un ambiente rural y tranquilo. Cal\u00e7ots de cosecha propia que combinados con una buena parrillada de carne formaran un men\u00fa ideal.<\/li>\n<li><strong>La fiesta del \u00abMandongo\u00bb.Com es hacen las botifarres?<\/strong>\u00a0Disfruta de una de las partes m\u00e1s divertidas de la tradicional \u00abmatanza del cerdo\u00bb. Haremos el conocido t \u00abmandongo\u00bb i embutiremos las botifarres. Una fiesta para pasar un dia en fam\u00edlia, trabajando en equipo y acabando con una buena comida.<\/li>\n<li><strong>Haz tu propia mermelada <\/strong>con fruta de temporada de manera totalmente artesanal. Aprende a conservar el excedente de fruta y verdura en verano para poder disfrutarla en invierno.<\/li>\n<li><strong>Visita los animales del nuestro parque<\/strong>. Conoce los diferentes tipos de animales, su morfologia, que comen, c\u00f3mo se reproducen&#8230;&#8230; los podras tocar y alimentar. Ideal para los m\u00e1s peque\u00f1os de casa.<\/li>\n<\/ul>\n<p>Y adem\u00e1s&#8230;<\/p>\n<ul>\n<li>Buscas un sitio d\u00f3nde reunirte con tu familia o amigos? Sois un grupo grande y no sabeis d\u00f3nde ir? Quieres un lugar d\u00f3nde tus hijos jueguen con seguridad mientras disfrutais de una buena comida casera? Aqu\u00ed tienes el espacio necesario y unos <strong>men\u00fas de grupo<\/strong> muy interesantes. (pide informacion)<\/li>\n<li><strong>Celebra el cumplea\u00f1os de tus hijos<\/strong>. Disfrutaran de un amplio espacio para jugar con zonas verdes, porterias, arenero,&#8230;.. Disponemos de tres men\u00fas para adaptarnos a todos los bolsillos. Posibilidad de alquilar monitores, castillo hinchable&#8230;.<\/li>\n<li>Si lo que quieres es hacer una celebracion y cocinar t\u00fa mismo y s\u00f3lo buscas el sitio para hacerlo puedes <strong>alquilar nuestras instalaciones\u00a0<\/strong>de manera exclusiva, no compartiras el espacio con ning\u00fan otro grupo.<\/li>\n<li>L&#8217;Horta de Pinyana es el sitio ideal para celebrar\u00a0<strong>bautizos, bodas y comuniones<\/strong>\u00a0ya que disponemos de una sala con gran capacidad, amplio aparcamiento y muchos espacios abiertos donden poder montar carpas, zonas de aperitivos, castillos hinchables, etc&#8230;. Puedes traer un servicio de c\u00e1tering o consultar nuestros men\u00fas.<\/li>\n<\/ul>\n<p>[\/vc_column_text][\/vc_column_inner][vc_column_inner width=\u00bb1\/3&#8243;][us_single_image image=\u00bb983&#8243; size=\u00bbmedium\u00bb align=\u00bbcenter\u00bb animate=\u00bbafr\u00bb animate_delay=\u00bb\u00bb][\/vc_column_inner][\/vc_row_inner][vc_empty_space 0=\u00bb\u00bb][vc_row_inner 0=\u00bb\u00bb][vc_column_inner 0=\u00bb\u00bb][vc_column_text 0=\u00bb\u00bb]<span style=\"color: #ffffff;\">Las actividades que se ofrecen tienen como objetivo promover tanto la motivaci\u00f3n como la participaci\u00f3n activa del alumnado convirti\u00e9ndose en una actividad l\u00fadica y pedag\u00f3gicamente constructiva. Se pretende apoyar las orientaciones actuales para una escuela activa y conseguir que los alumnos conozcan, valoren y respeten con m\u00e1s conciencia la naturaleza.<\/span>[\/vc_column_text][us_single_image image=\u00bb984&#8243; size=\u00bbmedium\u00bb align=\u00bbcenter\u00bb animate=\u00bbafb\u00bb animate_delay=\u00bb\u00bb][\/vc_column_inner][\/vc_row_inner][\/vc_column][\/vc_row][vc_row bg_type=\u00bbbg_color\u00bb seperator_enable=\u00bbseperator_enable_value\u00bb seperator_type=\u00bbtilt_left_seperator\u00bb seperator_position=\u00bbbottom_seperator\u00bb seperator_svg_height=\u00bb60&#8243; seperator_shape_background=\u00bb#6b508f\u00bb el_id=\u00bbtallersescolars\u00bb bg_color_value=\u00bb#f1c443&#8243;][vc_column 0=\u00bb\u00bb][vc_custom_heading text=\u00bbTalleres escolares\u00bb font_container=\u00bbtag:h1|text_align:left|line_height:20px\u00bb google_fonts=\u00bbfont_family:The%20Girl%20Next%20Door%3Aregular|font_style:400%20regular%3A400%3Anormal\u00bb][vc_column_text 0=\u00bb\u00bb]<\/p>\n<h6><strong>Para escuelas tenemos los siguientes talleres:<\/strong><\/h6>\n<p>[\/vc_column_text][vc_empty_space 0=\u00bb\u00bb][vc_row_inner 0=\u00bb\u00bb][vc_column_inner width=\u00bb1\/2&#8243;][vc_column_text 0=\u00bb\u00bb]<span style=\"color: #000000;\"><strong><span style=\"color: #ffffff;\">1. Los cultivos de la zona<\/span>: <\/strong><span style=\"color: #333333;\">haremos una visita guiada por los cultivos de la zona para observar quales son los \u00e1rboles frutales que tenemos en la comarca del Segria. La visita\u00a0<\/span><\/span><span style=\"color: #333333;\">la<\/span> haremos junto al agricultor, quien nos ense\u00f1ar\u00e1 la agricultura de m\u00e1s cerca y tendremos la oportunidad de subir a su tractor y darnos un paseo.<\/p>\n<p>El taller va dirigido a ni\u00f1os y ni\u00f1as de 2 a 12 a\u00f1os.<\/p>\n<p>Los objetivos que podemos conseguir son:<\/p>\n<ul>\n<li>Conocer el mundo de la agricultura.<\/li>\n<li>Observar los \u00e1rboles frutales que se cultivan en el Segria.<\/li>\n<li>Fomentar la importancia de comer fruta.<\/li>\n<li>Aprender las diferentes frutas que se recogen en verano.<\/li>\n<li>Conocer el trabajo del agricultor.<\/li>\n<li>Inculcar conocimientos sobre la agricultura.<\/li>\n<li>Fomentar el respeto hacia nuestro entorno.<\/li>\n<\/ul>\n<p><span style=\"color: #ffffff;\"><strong>2. Trabajamos en el huerto<\/strong><\/span>: en el Aula rural l&#8217;Horta de Pinyana tenemos un huerto que creamos juntamente a un escuela que vino de excursi\u00f3n. El huerto es un trabajo muy bonito que puede servir para inculcar a los ni\u00f1os y ni\u00f1as des de bien peque\u00f1os que se debe cuidar y respetar la naturaleza y a la vez comprender de d\u00f3nde vienen las verduras que comemos , por tanto, es importante que vayan conociendo que es un huerto y como se cuida.<\/p>\n<p>El taller va dirigido a ni\u00f1os y ni\u00f1as de 2 a 12 a\u00f1os.<\/p>\n<p>Los objetivos que podemos conseguir con esta taller son:<\/p>\n<ul>\n<li>Introducir conocimentos sobre la agricultura.<\/li>\n<li>Conocer el huerto y sus hortalizas.<\/li>\n<li>Inculcar el respecto hacia la naturaleza y\u00a0 la necesidad de cuidarla.<\/li>\n<li>Aprender las diferentes tareas que se realizan en un huerto.<\/li>\n<li>Tener una orientaci\u00f3 de las hortalizas que es pueden plantar seg\u00fan la estaci\u00f3n del a\u00f1o.<\/li>\n<li>Recuperar los conocimientos del mundo rural.<\/li>\n<li>Reflexionar sobre la produccion, distribucion y\u00a0 consumo de los productos.<\/li>\n<\/ul>\n<p>[\/vc_column_text][vc_column_text 0=\u00bb\u00bb]<span style=\"color: #ffffff;\"><strong>3. Elaboramos mermeladas y conservas<\/strong><\/span>: Tradicionalmente se hacian conservas caseras para poder disfrutar de las frutas y verduras durante el invierno, por que antes no habia fruta todas las epocas del a\u00f1o. Aunque actualmente encontramos las conservas en cualquier tienda tenemos la posibilidad de hacerlas en casa de manera artesanal, evitando as\u00ed los conservantes artificiales y los aditivos qu\u00edmicos. En \u00e9ste taller os ense\u00f1aremos a hacer una mermelada con fruta de temporada y os la podreis llevar!!!<\/p>\n<p>El taller va dirigido a ni\u00f1os y ni\u00f1as de\u00a0 5 a 12 a\u00f1os.<\/p>\n<p>Los objetivos que podemos conseguir con \u00e9ste taller son:<\/p>\n<ul>\n<li>Conocer las frutas de temporada.<\/li>\n<li>Aprovechamiento de los fruitos que nos proporciona la naturaleza m\u00e1s cercana.<\/li>\n<li>Conocer las diferentes conservas que hay.<\/li>\n<li>Aprender h\u00e1bitos de limpieza.<\/li>\n<li>Conocer la funcion del az\u00facar y de la pectina en las conserva.<\/li>\n<li>Aprender a seguir un orden en la elaboraci\u00f3n de la mermelada.<\/li>\n<li>Inculcar el valor del trabajo en equipo.<\/li>\n<\/ul>\n<p><span style=\"color: #ffffff;\"><strong>4. Hacemos pan, galletas, coca de recapte&#8230;.:<\/strong><\/span><\/p>\n<p>Se trata de hacer de cocineros y aprender a hacer cualquiera de estas tres cosas, ya que lo solemos comer habitualmente y son f\u00e1ciles de hacer. A\u00fanque hoy en dia lo podemos encontarr en cualquier tienda es m\u00e1s gratificante hacerlo nosotros mismos y as\u00ed sabemos como se elabora y los ingredientes que lleva.<\/p>\n<p>El taller va dirigido a ni\u00f1os y ni\u00f1as de 2 a 12 a\u00f1os.<\/p>\n<p>Los objetivos que podemos conseguir con \u00e9ste taller son:<\/p>\n<ul>\n<li>Aprender a hacer un trabajo cooperativo.<\/li>\n<li>Saber esperar el turno.<\/li>\n<li>Fomentar\u00a0 h\u00e1bitos de limpieza.<\/li>\n<li>Conocer los ingredientes y saber de d\u00f3nde proceden.<\/li>\n<li>Aprendre a seguir los pasos de una receta.<\/li>\n<\/ul>\n<p><span style=\"color: #ffffff;\"><strong>5. Los animales de la granja<\/strong><\/span>: en Horta de Pinyana viven una serie de animales de granja ( conejos, gallinas, patos una oevja y un burrito) . Haremos una visita guiada al corral y alli podremos ver, tocar y alimentar a los diferentes animales.<\/p>\n<p>\u00c9ste taller va dirigido a ni\u00f1os y ni\u00f1as de 2 a 12 a\u00f1os.<\/p>\n<p>Los objetivos que podemos conseguir con \u00e9ste taller son:<\/p>\n<ul>\n<li>Reconocer los diferentes elementos de una granja ( animales que habitan, colores, sonidos&#8230;)y todo aquello la define mediante la manipulaci\u00f3n, observaci\u00f3n directa y actuaci\u00f3n en diversas actividades.<\/li>\n<li>Morfologia de los animales<\/li>\n<li>Que comen<\/li>\n<li>Como se reproducen<\/li>\n<li>Los sonidos que emiten<\/li>\n<li>Respeto por la naturaleza y los animales.<\/li>\n<\/ul>\n<p>[\/vc_column_text][\/vc_column_inner][vc_column_inner width=\u00bb1\/2&#8243;][us_image_slider ids=\u00bb1145,1146,1147,1148,1149,1150,1154&#8243; nav=\u00bbdots\u00bb orderby=\u00bbrand\u00bb autoplay=\u00bb1&#8243; fullscreen=\u00bb1&#8243; autoplay_period=\u00bb3&#8243; img_size=\u00bbfull\u00bb img_fit=\u00bbcontain\u00bb][us_btn text=\u00bbGaleria de im\u00e1genes de los talleres\u00bb link=\u00bburl:http%3A%2F%2Fwww.aularuralhortadepinyana.com%2Fportfolio%2Ftallers-per-a-escoles%2F%3Flang%3Des|||\u00bb size=\u00bb18px\u00bb align=\u00bbcenter\u00bb][\/vc_column_inner][\/vc_row_inner][vc_empty_space 0=\u00bb\u00bb][vc_row_inner 0=\u00bb\u00bb][vc_column_inner 0=\u00bb\u00bb][vc_column_text 0=\u00bb\u00bb]Cada visita y taller se adaptar\u00e1 a la \u00e9poca del a\u00f1o y la edad de los participantes. Tienen una duraci\u00f3n aproximada de 2 horas. Puede comer con nosotros en nuestra zona de picnic y disponer de nuestras instalaciones.[\/vc_column_text][us_single_image image=\u00bb980&#8243; size=\u00bbfull\u00bb align=\u00bbcenter\u00bb animate=\u00bbaft\u00bb animate_delay=\u00bb\u00bb][\/vc_column_inner][\/vc_row_inner][\/vc_column][\/vc_row][vc_row bg_type=\u00bbbg_color\u00bb seperator_enable=\u00bbseperator_enable_value\u00bb seperator_type=\u00bbcurve_down_seperator\u00bb seperator_position=\u00bbbottom_seperator\u00bb seperator_shape_background=\u00bb#bcd031&#8243; el_id=\u00bbtarifes\u00bb bg_color_value=\u00bb#6b508f\u00bb][vc_column 0=\u00bb\u00bb][vc_row_inner 0=\u00bb\u00bb][vc_column_inner width=\u00bb1\/2&#8243;][vc_custom_heading text=\u00bbTarifas\u00bb font_container=\u00bbtag:h1|text_align:left|color:%23ffffff|line_height:40px\u00bb google_fonts=\u00bbfont_family:The%20Girl%20Next%20Door%3Aregular|font_style:400%20regular%3A400%3Anormal\u00bb][\/vc_column_inner][vc_column_inner width=\u00bb1\/2&#8243;][\/vc_column_inner][\/vc_row_inner][vc_empty_space 0=\u00bb\u00bb][vc_row_inner 0=\u00bb\u00bb][vc_column_inner width=\u00bb1\/2&#8243; css=\u00bb.vc_custom_1518607667943{background-color: #f0f4d1 !important;}\u00bb el_id=\u00bbposit-2&#8243;][vc_column_text 0=\u00bb\u00bb]<\/p>\n<h3>PARA ESCUELAS<\/h3>\n<p>Los precios de los talleres s\u00f3n:<\/p>\n<ul>\n<li>Talleres 1, 2 y 5: 8\u20ac\/ni\u00f1o<\/li>\n<li>Talleres: 3 y 4 : 9\u20ac\/ni\u00f1o<\/li>\n<\/ul>\n<p><em>El precio incluye: Monitor durante las 2 horas del taller + <em> Acompa\u00f1amiento a la hora de comer + Uso de nuestras instalaciones.<\/em><\/em><\/p>\n<p>* precios 21% iva[\/vc_column_text][\/vc_column_inner][vc_column_inner width=\u00bb1\/2&#8243;][us_single_image image=\u00bb979&#8243; animate=\u00bbafr\u00bb animate_delay=\u00bb\u00bb][\/vc_column_inner][\/vc_row_inner][vc_empty_space height=\u00bb72px\u00bb][vc_row_inner 0=\u00bb\u00bb][vc_column_inner width=\u00bb1\/2&#8243;][us_single_image image=\u00bb2120&#8243; animate=\u00bbafl\u00bb animate_delay=\u00bb\u00bb][\/vc_column_inner][vc_column_inner width=\u00bb1\/2&#8243; css=\u00bb.vc_custom_1518607672039{background-color: #f0f4d1 !important;}\u00bb el_id=\u00bbposit-2&#8243;][vc_column_text 0=\u00bb\u00bb el_class=\u00bbhidden\u00bb]<\/p>\n<h3>PARA GRUPOS\/FAMILIAS<\/h3>\n<p>[\/vc_column_text][vc_column_text 0=\u00bb\u00bb]<\/p>\n<h3>MENUS PARA GRUPOS\/FAMILIAS<\/h3>\n<p>[\/vc_column_text][us_btn text=\u00bbMen\u00fas de grupo\u00bb link=\u00bburl:https%3A%2F%2Fwww.aularuralhortadepinyana.com%2Fwp-content%2Fuploads%2F2023%2F09%2FMENUS-DE-GRUP-2023-2.pdf||target:%20_blank|\u00bb el_class=\u00bbhidden\u00bb][us_btn text=\u00bbMen\u00fa de Fin de a\u00f1o 2019&#8243; link=\u00bburl:https%3A%2F%2Fwww.aularuralhortadepinyana.com%2Fwp-content%2Fuploads%2F2019%2F11%2FMEN%C3%9A-CAP-DANY-2019.pdf||target:%20_blank|\u00bb el_class=\u00bbhidden\u00bb][us_btn text=\u00bbMen\u00fas de cumplea\u00f1os\u00bb link=\u00bburl:http%3A%2F%2Fwww.aularuralhortadepinyana.com%2Fwp-content%2Fuploads%2F2019%2F05%2FMENUS-ANIVERSARIS-NENS-2019.pdf||target:%20_blank|\u00bb el_class=\u00bbhidden\u00bb][us_btn text=\u00bbCal\u00e7otades\u00bb link=\u00bburl:https%3A%2F%2Fwww.aularuralhortadepinyana.com%2Fwp-content%2Fuploads%2F2018%2F02%2FOTADA.pdf||target:%20_blank|\u00bb el_class=\u00bbhidden\u00bb][us_btn text=\u00bbHagamos butifarras\u00bb link=\u00bburl:https%3A%2F%2Fwww.aularuralhortadepinyana.com%2Fwp-content%2Fuploads%2F2018%2F02%2Ffesta-del-mandongo.pdf||target:%20_blank|\u00bb el_class=\u00bbhidden\u00bb][vc_column_text 0=\u00bb\u00bb el_class=\u00bbhidden\u00bb]<\/p>\n<h3><\/h3>\n<ul>\n<li>Taller de mermeladas y conservas: 15\u20ac\/persona *<\/li>\n<li>Comuniones, Bautizos, Bodas&#8230;. (consultar)<\/li>\n<\/ul>\n<p>* Precios sin iva[\/vc_column_text][\/vc_column_inner][\/vc_row_inner][vc_empty_space height=\u00bb72px\u00bb][vc_column_text 0=\u00bb\u00bb]<span style=\"color: #ffffff;\">Tanto para los talleres como para las comidas de grupo debe haber un m\u00ednimo de 15 personas<\/span><\/p>\n<p><span style=\"color: #ffffff;\">Las condiciones de cancelaci\u00f3n:<\/span><br \/>\n<span style=\"color: #ffffff;\">Si se cancela la reserva con una semana de antelaci\u00f3n se devolver\u00e1n el dinero menos 15\u20ac de gastos de devoluci\u00f3n<\/span><br \/>\n<span style=\"color: #ffffff;\">Si se cancela la reserva con 4 d\u00edas de antelaci\u00f3n se devolviera el 50% del importe<\/span><br \/>\n<span style=\"color: #ffffff;\">Si se cancela la reserva con 3 d\u00edas o menos de antel.laci\u00f3 no se devolver\u00e1 el importe de la reserva.<\/span>[\/vc_column_text][vc_empty_space height=\u00bb72px\u00bb][\/vc_column][\/vc_row][vc_row bg_type=\u00bbbg_color\u00bb seperator_enable=\u00bbseperator_enable_value\u00bb seperator_type=\u00bbclouds_seperator\u00bb seperator_position=\u00bbbottom_seperator\u00bb seperator_shape_background=\u00bb#ffffff\u00bb bg_color_value=\u00bb#bcd031&#8243;][vc_column 0=\u00bb\u00bb][vc_row_inner el_id=\u00bbinstallacions\u00bb][vc_column_inner width=\u00bb1\/2&#8243;][vc_custom_heading text=\u00bbNuestras instalaciones\u00bb font_container=\u00bbtag:h1|text_align:left|color:%23ffffff|line_height:40px\u00bb google_fonts=\u00bbfont_family:The%20Girl%20Next%20Door%3Aregular|font_style:400%20regular%3A400%3Anormal\u00bb][vc_column_text 0=\u00bb\u00bb]<\/p>\n<h4 style=\"text-align: center;\"><\/h4>\n<p>[\/vc_column_text][\/vc_column_inner][vc_column_inner width=\u00bb1\/2&#8243;][us_btn text=\u00bbGaleria de im\u00e1genes de nuestras instalaciones\u00bb link=\u00bburl:http%3A%2F%2Fwww.aularuralhortadepinyana.com%2Fportfolio%2Finstal%25C2%25B7lacions%2F%3Flang%3Des|||\u00bb size=\u00bb18px\u00bb][\/vc_column_inner][\/vc_row_inner][vc_column_text 0=\u00bb\u00bb]<\/p>\n<h6><span style=\"color: #ffffff;\"><strong>C\u00f3mo son nuestras instalaciones?<\/strong><\/span><\/h6>\n<p>[\/vc_column_text][vc_empty_space 0=\u00bb\u00bb][vc_row_inner content_placement=\u00bbmiddle\u00bb][vc_column_inner width=\u00bb1\/2&#8243;][us_image_slider ids=\u00bb1200,1199,1198,1197,1445,1447,1449,1451,1453,1455,1457,1459,1461,1463,1465,1467,1469,1471,1473,1475,1477,1479,1481,1483,1485,1487,1489,1491&#8243; nav=\u00bbdots\u00bb orderby=\u00bbrand\u00bb autoplay=\u00bb1&#8243; fullscreen=\u00bb1&#8243; autoplay_period=\u00bb3&#8243; img_size=\u00bbtnail-3&#215;2&#8243; img_fit=\u00bbcontain\u00bb][\/vc_column_inner][vc_column_inner width=\u00bb1\/2&#8243;][vc_column_text 0=\u00bb\u00bb]<span style=\"color: #000000;\">\u00a0<\/span><\/p>\n<p><span style=\"color: #000000;\">Disponemos de una gran sala polivalente con mesas, sillas y un proyector. Cocina totalmente equipada con horno, microondas, nevera, cafetera, lavavajillas&#8230;.Lavabos adaptados.<\/span><\/p>\n<p><span style=\"color: #000000;\">Zona de plantacion d\u00f3nde direnciamos las diversas variedades de hortalizas y por la que podran hacer una visita guiada para conocer de primera mano la horticultura con una zona reservada para que los visitantes puedan experimentar haciendo de campesinos.<\/span><\/p>\n<p><span style=\"color: #000000;\">Gallinero y cuadra d\u00f3nde los m\u00e1s peque\u00f1os podran ver , tocar y alimentar\u00a0 a nuestros animalitos.<\/span><\/p>\n<p><span style=\"color: #000000;\">Gran arenero con juegos para los ma\u00b4s peque\u00f1os y una gran zona de c\u00e9sped con porterias.<\/span><\/p>\n<p><span style=\"color: #000000;\">Zona de p\u00edcnic con \u00e1rboles y una gran balsa de agua totalmente vallada d\u00f3nde viven los patos.<\/span>[\/vc_column_text][\/vc_column_inner][\/vc_row_inner][vc_empty_space 0=\u00bb\u00bb][\/vc_column][\/vc_row][vc_row el_id=\u00bbcontacta\u00bb][vc_column 0=\u00bb\u00bb][vc_custom_heading text=\u00bbContacta con nosotros\u00bb font_container=\u00bbtag:h1|text_align:left|line_height:20px\u00bb google_fonts=\u00bbfont_family:The%20Girl%20Next%20Door%3Aregular|font_style:400%20regular%3A400%3Anormal\u00bb][vc_empty_space 0=\u00bb\u00bb][vc_column_text 0=\u00bb\u00bb]Estamos situados en el t\u00e9rmino de Alguaire, entre los pueblos de Vilanova de Segri\u00e0 y La Portella, rodeados de frutales y cereales, muy cerca del Canal de Pinyana y a escasos minutos de la N-230, a 10 minutos de Lleida.[\/vc_column_text][us_btn text=\u00bbC\u00f3mo llegar?\u00bb link=\u00bburl:http%3A%2F%2Fwww.aularuralhortadepinyana.com%2Fcom-arribar-hi%2F%3Flang%3Des|||\u00bb align=\u00bbcenter\u00bb][vc_empty_space 0=\u00bb\u00bb][vc_row_inner 0=\u00bb\u00bb][vc_column_inner width=\u00bb2\/3&#8243;][us_single_image image=\u00bb1442&#8243; size=\u00bbmedium_large\u00bb align=\u00bbcenter\u00bb][\/vc_column_inner][vc_column_inner width=\u00bb1\/3&#8243;]\n<div class=\"wpcf7 no-js\" id=\"wpcf7-f1399-o1\" lang=\"es-ES\" dir=\"ltr\">\n<div class=\"screen-reader-response\"><p role=\"status\" aria-live=\"polite\" aria-atomic=\"true\"><\/p> <ul><\/ul><\/div>\n<form action=\"\/es\/wp-json\/wp\/v2\/pages\/1307#wpcf7-f1399-o1\" method=\"post\" class=\"wpcf7-form init\" aria-label=\"Formulario de contacto\" novalidate=\"novalidate\" data-status=\"init\">\n<div style=\"display: none;\">\n<input type=\"hidden\" name=\"_wpcf7\" value=\"1399\" \/>\n<input type=\"hidden\" name=\"_wpcf7_version\" value=\"5.8.6\" \/>\n<input type=\"hidden\" name=\"_wpcf7_locale\" value=\"es_ES\" \/>\n<input type=\"hidden\" name=\"_wpcf7_unit_tag\" value=\"wpcf7-f1399-o1\" \/>\n<input type=\"hidden\" name=\"_wpcf7_container_post\" value=\"0\" \/>\n<input type=\"hidden\" name=\"_wpcf7_posted_data_hash\" value=\"\" \/>\n<input type=\"hidden\" name=\"_wpcf7_recaptcha_response\" value=\"\" \/>\n<\/div>\n<p><label> Nombre (requerido)<br \/>\n<span class=\"wpcf7-form-control-wrap\" data-name=\"your-name\"><input size=\"40\" class=\"wpcf7-form-control wpcf7-text wpcf7-validates-as-required\" aria-required=\"true\" aria-invalid=\"false\" value=\"\" type=\"text\" name=\"your-name\" \/><\/span> <\/label>\n<\/p>\n<p><label> Tu correo electr\u00f3nico (requerido)<br \/>\n<span class=\"wpcf7-form-control-wrap\" data-name=\"your-email\"><input size=\"40\" class=\"wpcf7-form-control wpcf7-email wpcf7-validates-as-required wpcf7-text wpcf7-validates-as-email\" aria-required=\"true\" aria-invalid=\"false\" value=\"\" type=\"email\" name=\"your-email\" \/><\/span> <\/label>\n<\/p>\n<p><label> Asunto<br \/>\n<span class=\"wpcf7-form-control-wrap\" data-name=\"your-subject\"><input size=\"40\" class=\"wpcf7-form-control wpcf7-text\" aria-invalid=\"false\" value=\"\" type=\"text\" name=\"your-subject\" \/><\/span> <\/label>\n<\/p>\n<p><label> Mensaje<br \/>\n<span class=\"wpcf7-form-control-wrap\" data-name=\"your-message\"><textarea cols=\"40\" rows=\"10\" class=\"wpcf7-form-control wpcf7-textarea\" aria-invalid=\"false\" name=\"your-message\"><\/textarea><\/span> <\/label>\n<\/p>\n<p><span class=\"wpcf7-form-control-wrap\" data-name=\"politica-privacitat\"><span class=\"wpcf7-form-control wpcf7-acceptance\"><span class=\"wpcf7-list-item\"><input type=\"checkbox\" name=\"politica-privacitat\" value=\"1\" aria-invalid=\"false\" \/><\/span><\/span><\/span> Acepto la<a href=\"http:\/\/www.aularuralhortadepinyana.com\/es\/politica-de-privacidad\/\" target=\"_blank\"> pol\u00edtica de privacidad y protecci\u00f3n de datos<\/a>\n<\/p>\n<p><input id=\"checkBox\" type=\"checkbox\" \/> Acepto recibir comunicaciones comerciales de Aula Rural de l\u2019Horta de Pinyana.\n<\/p>\n<p><label>\n\t<\/label>\n<\/p>\n<p><input class=\"wpcf7-form-control wpcf7-submit has-spinner\" type=\"submit\" value=\"Enviar\" \/>\n<\/p><p style=\"display: none !important;\" class=\"akismet-fields-container\" data-prefix=\"_wpcf7_ak_\"><label>&#916;<textarea name=\"_wpcf7_ak_hp_textarea\" cols=\"45\" rows=\"8\" maxlength=\"100\"><\/textarea><\/label><input type=\"hidden\" id=\"ak_js_1\" name=\"_wpcf7_ak_js\" value=\"215\"\/><script>document.getElementById( \"ak_js_1\" ).setAttribute( \"value\", ( new Date() ).getTime() );<\/script><\/p><div class=\"fusion-alert alert custom alert-custom fusion-alert-center wpcf7-response-output awb-alert-native-link-color alert-dismissable awb-alert-close-boxed\" style=\"--awb-border-size:1px;--awb-border-top-left-radius:0px;--awb-border-top-right-radius:0px;--awb-border-bottom-left-radius:0px;--awb-border-bottom-right-radius:0px;\" role=\"alert\"><div class=\"fusion-alert-content-wrapper\"><span class=\"fusion-alert-content\"><\/span><\/div><button type=\"button\" class=\"close toggle-alert\" data-dismiss=\"alert\" aria-label=\"Close\">&times;<\/button><\/div>\n<\/form>\n<\/div>\n[\/vc_column_inner][\/vc_row_inner][\/vc_column][\/vc_row][vc_row 0=\u00bb\u00bb][vc_column 0=\u00bb\u00bb][vc_column_text 0=\u00bb\u00bb]<br \/>\n[\/vc_column_text][vc_column_inner width=\u00bb1\/2&#8243;][us_image_slider ids=\u00bb1145,1146,1147,1148,1149,1150,1154,2035,1987,1983,1995,1973,1975,1979,1961,1955,1949,1963,1945,1935,1870,1735,1695,1685,1991&#8243; nav=\u00bbdots\u00bb orderby=\u00bbrand\u00bb autoplay=\u00bb1&#8243; fullscreen=\u00bb1&#8243; autoplay_period=\u00bb3&#8243; img_size=\u00bbfull\u00bb img_fit=\u00bbcontain\u00bb][us_btn text=\u00bbGaleria d&#8217;imatges dels tallers\u00bb link=\u00bburl:http%3A%2F%2Fwww.aularuralhortadepinyana.com%2Fportfolio%2Ftallers-per-a-escoles%2F|||\u00bb size=\u00bb18px\u00bb align=\u00bbcenter\u00bb][\/vc_column_inner][vc_empty_space 0=\u00bb\u00bb][vc_row_inner 0=\u00bb\u00bb][vc_column_inner 0=\u00bb\u00bb][vc_column_text 0=\u00bb\u00bb]Cada visita i taller s\u2019adaptar\u00e0 a l\u2019\u00e8poca de l\u2019any i a l\u2019edat dels participants. Tenen una duraci\u00f3 aproximada de 2 hores. Podeu dinar amb nosaltres a la nostra zona de picnic i disposar de les nostres instal\u00b7lacions.<\/p>\n<h4 style=\"text-align: center;\"><em>Volem que us sentiu a gust a casa nostra per aix\u00f2 convidem als mestres a esmorzar i us oferim la possibilitat de dinar calent per un preu molt assequible.<\/em><\/h4>\n<p>[\/vc_column_text][us_single_image image=\u00bb980&#8243; size=\u00bbfull\u00bb align=\u00bbcenter\u00bb animate=\u00bbaft\u00bb animate_delay=\u00bb\u00bb][\/vc_column_inner][\/vc_row_inner][\/vc_column][\/vc_row]<\/p>\n","protected":false},"excerpt":{"rendered":"<p>[vc_row height=\u00bbauto\u00bb width=\u00bbfull\u00bb][vc_column 0=\u00bb\u00bb][vc_column_text 0=\u00bb\u00bb][\/vc_column_text][\/vc_column][\/vc_row][vc_row height=\u00bbsmall\u00bb][vc_column width=\u00bb1\/2&#8243;][us_single_image image=\u00bb3146&#8243; size=\u00bbfull\u00bb][vc_custom_heading text=\u00bbPr\u00f3ximos [&hellip;]<\/p>\n","protected":false},"author":1,"featured_media":3146,"parent":0,"menu_order":0,"comment_status":"closed","ping_status":"closed","template":"","meta":{"om_disable_all_campaigns":false,"_monsterinsights_skip_tracking":false,"_monsterinsights_sitenote_active":false,"_monsterinsights_sitenote_note":"","_monsterinsights_sitenote_category":0,"footnotes":""},"aioseo_notices":[],"_links":{"self":[{"href":"https:\/\/www.aularuralhortadepinyana.com\/es\/wp-json\/wp\/v2\/pages\/1307"}],"collection":[{"href":"https:\/\/www.aularuralhortadepinyana.com\/es\/wp-json\/wp\/v2\/pages"}],"about":[{"href":"https:\/\/www.aularuralhortadepinyana.com\/es\/wp-json\/wp\/v2\/types\/page"}],"author":[{"embeddable":true,"href":"https:\/\/www.aularuralhortadepinyana.com\/es\/wp-json\/wp\/v2\/users\/1"}],"replies":[{"embeddable":true,"href":"https:\/\/www.aularuralhortadepinyana.com\/es\/wp-json\/wp\/v2\/comments?post=1307"}],"version-history":[{"count":46,"href":"https:\/\/www.aularuralhortadepinyana.com\/es\/wp-json\/wp\/v2\/pages\/1307\/revisions"}],"predecessor-version":[{"id":1545,"href":"https:\/\/www.aularuralhortadepinyana.com\/es\/wp-json\/wp\/v2\/pages\/1307\/revisions\/1545"}],"wp:featuredmedia":[{"embeddable":true,"href":"https:\/\/www.aularuralhortadepinyana.com\/es\/wp-json\/wp\/v2\/media\/3146"}],"wp:attachment":[{"href":"https:\/\/www.aularuralhortadepinyana.com\/es\/wp-json\/wp\/v2\/media?parent=1307"}],"curies":[{"name":"wp","href":"https:\/\/api.w.org\/{rel}","templated":true}]}}